{"id":4321,"date":"2024-03-07T10:34:30","date_gmt":"2024-03-07T09:34:30","guid":{"rendered":"https:\/\/www.newco-cf.com\/team-test\/"},"modified":"2026-03-24T13:05:19","modified_gmt":"2026-03-24T12:05:19","slug":"team","status":"publish","type":"page","link":"https:\/\/www.newco-cf.com\/en\/team\/","title":{"rendered":"Team"},"content":{"rendered":"<p>[et_pb_section fb_built=&#8221;1&#8243; _builder_version=&#8221;4.9.10&#8243; _module_preset=&#8221;default&#8221; background_image=&#8221;https:\/\/www.newco-cf.com\/wp-content\/uploads\/2025\/11\/new-co-photo-groupe-e\u0301quipe-2-scaled.jpg&#8221; custom_padding=&#8221;42.6%||1.4%||false|false&#8221; locked=&#8221;off&#8221;][et_pb_row _builder_version=&#8221;4.9.10&#8243; _module_preset=&#8221;default&#8221;][et_pb_column type=&#8221;4_4&#8243; _builder_version=&#8221;4.9.10&#8243; _module_preset=&#8221;default&#8221;][et_pb_text _builder_version=&#8221;4.9.10&#8243; _module_preset=&#8221;default&#8221; text_font=&#8221;Playfair Display SC|700|||||||&#8221; text_text_color=&#8221;#FFFFFF&#8221; text_font_size=&#8221;59px&#8221; transform_scale_tablet=&#8221;&#8221; transform_scale_phone=&#8221;&#8221; transform_scale_last_edited=&#8221;on|desktop&#8221; transform_translate_tablet=&#8221;&#8221; transform_translate_phone=&#8221;-3px|-86px&#8221; transform_translate_last_edited=&#8221;on|phone&#8221; transform_rotate_tablet=&#8221;&#8221; transform_rotate_phone=&#8221;&#8221; transform_rotate_last_edited=&#8221;on|desktop&#8221; transform_skew_tablet=&#8221;&#8221; transform_skew_phone=&#8221;&#8221; transform_skew_last_edited=&#8221;on|desktop&#8221; transform_origin_tablet=&#8221;&#8221; transform_origin_phone=&#8221;&#8221; transform_origin_last_edited=&#8221;on|desktop&#8221; transform_styles_last_edited=&#8221;on|phone&#8221; text_orientation=&#8221;center&#8221; custom_margin=&#8221;-13%||||false|false&#8221; text_font_size_tablet=&#8221;&#8221; text_font_size_phone=&#8221;35px&#8221; text_font_size_last_edited=&#8221;on|phone&#8221; transform_styles_tablet=&#8221;&#8221; transform_styles_phone=&#8221;&#8221;]<\/p>\n<p>OUR TEAM<\/p>\n<p>[\/et_pb_text][\/et_pb_column][\/et_pb_row][\/et_pb_section][et_pb_section fb_built=&#8221;1&#8243; admin_label=&#8221;Attributes&#8221; _builder_version=&#8221;3.22&#8243; custom_margin=&#8221;|||&#8221; custom_padding=&#8221;0px|0px|100px|0px&#8221; locked=&#8221;off&#8221;][et_pb_row _builder_version=&#8221;4.9.10&#8243; background_color=&#8221;#ffffff&#8221; custom_margin=&#8221;|||&#8221; custom_padding=&#8221;27px|0px|0px|0px&#8221; box_shadow_style=&#8221;preset3&#8243; box_shadow_vertical=&#8221;15px&#8221; box_shadow_blur=&#8221;80px&#8221; box_shadow_color=&#8221;rgba(0,0,0,0.15)&#8221; use_custom_width=&#8221;on&#8221; custom_width_px=&#8221;1440px&#8221; locked=&#8221;off&#8221;][et_pb_column type=&#8221;4_4&#8243; _builder_version=&#8221;3.25&#8243; custom_padding=&#8221;|||&#8221; custom_padding__hover=&#8221;|||&#8221;][et_pb_text _builder_version=&#8221;4.9.10&#8243; text_font=&#8221;Poppins||||||||&#8221; text_letter_spacing=&#8221;1px&#8221; text_line_height=&#8221;2em&#8221; header_font=&#8221;||||||||&#8221; header_3_font=&#8221;|600||on|||||&#8221; header_3_line_height=&#8221;1.4em&#8221; background_color=&#8221;#ffffff&#8221; custom_margin=&#8221;-110px||||false|false&#8221; custom_margin_tablet=&#8221;&#8221; custom_margin_phone=&#8221;-60px||||false|false&#8221; custom_margin_last_edited=&#8221;on|phone&#8221; custom_padding=&#8221;60px|100px|60px|100px|true|true&#8221; custom_padding_tablet=&#8221;40px|40px|40px|40px|true|true&#8221; custom_padding_phone=&#8221;40px|20px|40px|20px|true|true&#8221; custom_padding_last_edited=&#8221;on|desktop&#8221; hover_enabled=&#8221;0&#8243; border_color_all=&#8221;rgba(51,51,51,0.06)&#8221; border_width_right=&#8221;1px&#8221; border_width_left=&#8221;1px&#8221; locked=&#8221;off&#8221; sticky_enabled=&#8221;0&#8243;]<\/p>\n<p style=\"text-align: center;\"><span>We bring together experienced investment bankers specialised in financial services \u2014 banks, insurers, brokers, wealth managers, asset managers, private equity. This sector specialisation enables us to have an in-depth knowledge of the players involved, the business challenges, market dynamics and the specificities of each transaction.<\/span><\/p>\n<p>[\/et_pb_text][\/et_pb_column][\/et_pb_row][\/et_pb_section][et_pb_section fb_built=&#8221;1&#8243; _builder_version=&#8221;4.9.10&#8243; _module_preset=&#8221;default&#8221;][et_pb_row column_structure=&#8221;1_2,1_2&#8243; _builder_version=&#8221;4.9.10&#8243; _module_preset=&#8221;default&#8221;][et_pb_column type=&#8221;1_2&#8243; _builder_version=&#8221;4.9.10&#8243; _module_preset=&#8221;default&#8221; custom_padding=&#8221;|8%||8%|false|true&#8221;][et_pb_team_member name=&#8221;Jean-Louis Duverney-Guichard&#8221; position=&#8221;MANAGING PARTNER&#8221; image_url=&#8221;https:\/\/www.newco-cf.com\/wp-content\/uploads\/2021\/11\/Jean-Louis_-_Page_e__quipe_2403-1.jpg&#8221; linkedin_url=&#8221;https:\/\/fr.linkedin.com\/in\/jlduverney&#8221; _builder_version=&#8221;4.9.10&#8243; _module_preset=&#8221;default&#8221; header_font=&#8221;|700|||||||&#8221; header_font_size=&#8221;17px&#8221; header_letter_spacing=&#8221;2px&#8221; header_line_height=&#8221;1.3em&#8221; body_font=&#8221;|600|||||||&#8221; body_letter_spacing=&#8221;1px&#8221; position_font=&#8221;|700|||||||&#8221; position_text_color=&#8221;#2998b0&#8243; position_letter_spacing=&#8221;2px&#8221; text_orientation=&#8221;justified&#8221; max_width=&#8221;320px&#8221; module_alignment=&#8221;center&#8221; custom_margin=&#8221;||0px||false|false&#8221; link_option_url=&#8221;https:\/\/www.newco-cf.com\/en\/equipe\/jean-louis-duverney-guichard\/&#8221; custom_css_before=&#8221;content: &#8221;;||position: absolute;||bottom: 0px;||width: 40px;||height: 2px;||background-color: #2998B0;&#8221;]<\/p>\n<p><span>Jean-Louis is a FIG specialist (regulated businesses, brokerage, wealth and asset management, financial leasing and fintechs). He has worked for various institutions in London (HSBC, Dresdner Kleinwort Wasserstein, Keefe, Bruyette &amp; Woods) and Paris (Oddo&#8230;<\/span><\/p>\n<p>[\/et_pb_team_member][et_pb_button button_url=&#8221;https:\/\/www.newco-cf.com\/en\/equipe\/jean-louis-duverney-guichard\/&#8221; button_text=&#8221;READ MORE&#8221; button_alignment=&#8221;right&#8221; _builder_version=&#8221;4.9.10&#8243; _module_preset=&#8221;default&#8221; custom_button=&#8221;on&#8221; button_text_size=&#8221;18px&#8221; button_text_color=&#8221;#FFFFFF&#8221; button_bg_color=&#8221;#2998b0&#8243; button_border_width=&#8221;0px&#8221; button_border_radius=&#8221;0px&#8221; button_font=&#8221;Saira Extra Condensed||||||||&#8221; button_use_icon=&#8221;off&#8221; custom_margin=&#8221;|97px|||false|false&#8221;][\/et_pb_button][\/et_pb_column][et_pb_column type=&#8221;1_2&#8243; _builder_version=&#8221;4.9.10&#8243; _module_preset=&#8221;default&#8221;][et_pb_team_member name=&#8221;Roman Chekli&#8221; position=&#8221;MANAGING DIRECTOR&#8221; image_url=&#8221;https:\/\/www.newco-cf.com\/wp-content\/uploads\/2021\/11\/Roman-1701-copie.jpg&#8221; linkedin_url=&#8221;https:\/\/fr.linkedin.com\/in\/roman-chekli-2118b9b&#8221; _builder_version=&#8221;4.9.10&#8243; _module_preset=&#8221;default&#8221; header_font=&#8221;|700|||||||&#8221; header_font_size=&#8221;17px&#8221; header_letter_spacing=&#8221;2px&#8221; header_line_height=&#8221;1.3em&#8221; body_font=&#8221;|600|||||||&#8221; body_letter_spacing=&#8221;1px&#8221; position_font=&#8221;|700|||||||&#8221; position_text_color=&#8221;#2998b0&#8243; position_letter_spacing=&#8221;2px&#8221; text_orientation=&#8221;justified&#8221; max_width=&#8221;320px&#8221; module_alignment=&#8221;center&#8221; custom_margin=&#8221;||0px||false|false&#8221; link_option_url=&#8221;https:\/\/www.newco-cf.com\/en\/equipe\/roman-chekli\/&#8221; custom_css_before=&#8221;content: &#8221;;||position: absolute;||bottom: 0px;||width: 40px;||height: 2px;||background-color: #2998B0;&#8221;]<\/p>\n<p><span>Roman is a Managing Director within the NewCo Corporate Finance team. He has been involved in numerous transactions (sales, LBOs, fundraising, acquisitions) with several types of actors (entrepreneurs, private equity funds, industrialists) and on projects of various sizes in..<\/span><\/p>\n<p>[\/et_pb_team_member][et_pb_button button_url=&#8221;https:\/\/www.newco-cf.com\/en\/equipe\/roman-chekli\/&#8221; button_text=&#8221;READ MORE&#8221; button_alignment=&#8221;right&#8221; _builder_version=&#8221;4.9.10&#8243; _module_preset=&#8221;default&#8221; custom_button=&#8221;on&#8221; button_text_size=&#8221;18px&#8221; button_text_color=&#8221;#FFFFFF&#8221; button_bg_color=&#8221;#2998b0&#8243; button_border_width=&#8221;0px&#8221; button_border_radius=&#8221;0px&#8221; button_font=&#8221;Saira Extra Condensed||||||||&#8221; button_use_icon=&#8221;off&#8221; custom_margin=&#8221;|97px|||false|false&#8221;][\/et_pb_button][\/et_pb_column][\/et_pb_row][et_pb_row column_structure=&#8221;1_2,1_2&#8243; _builder_version=&#8221;4.9.10&#8243; _module_preset=&#8221;default&#8221;][et_pb_column type=&#8221;1_2&#8243; _builder_version=&#8221;4.9.10&#8243; _module_preset=&#8221;default&#8221; custom_padding=&#8221;|8%||8%|false|true&#8221;][et_pb_team_member name=&#8221;Alexandre Gebelin&#8221; position=&#8221;MANAGING DIRECTOR&#8221; image_url=&#8221;https:\/\/www.newco-cf.com\/wp-content\/uploads\/2021\/11\/Alexandre-Page-e\u0301quipe_3103-1.jpg&#8221; linkedin_url=&#8221;https:\/\/fr.linkedin.com\/in\/alexandre-gebelin-a8149119&#8243; _builder_version=&#8221;4.9.10&#8243; _module_preset=&#8221;default&#8221; header_font=&#8221;|700|||||||&#8221; header_font_size=&#8221;17px&#8221; header_letter_spacing=&#8221;2px&#8221; header_line_height=&#8221;1.3em&#8221; body_font=&#8221;|600|||||||&#8221; body_letter_spacing=&#8221;1px&#8221; position_font=&#8221;|700|||||||&#8221; position_text_color=&#8221;#2998b0&#8243; position_letter_spacing=&#8221;2px&#8221; text_orientation=&#8221;justified&#8221; max_width=&#8221;320px&#8221; module_alignment=&#8221;center&#8221; custom_margin=&#8221;||0px||false|false&#8221; link_option_url=&#8221;https:\/\/www.newco-cf.com\/en\/equipe\/alexandre-gebelin\/&#8221; custom_css_before=&#8221;content: &#8221;;||position: absolute;||bottom: 0px;||width: 40px;||height: 2px;||background-color: #2998B0;&#8221;]<\/p>\n<p><span>Alexandre is a Managing Director within the NewCo Corporate Finance team. He has been involved in a variety of projects (LBOs, disposals, acquisitions, fundraising, etc.) with different types of actors (private equity funds, industrialists, etc.) in France and abroad. Before&#8230;<\/span><\/p>\n<p>[\/et_pb_team_member][et_pb_button button_url=&#8221;https:\/\/www.newco-cf.com\/en\/equipe\/alexandre-gebelin\/&#8221; button_text=&#8221;READ MORE&#8221; button_alignment=&#8221;right&#8221; _builder_version=&#8221;4.9.10&#8243; _module_preset=&#8221;default&#8221; custom_button=&#8221;on&#8221; button_text_size=&#8221;18px&#8221; button_text_color=&#8221;#FFFFFF&#8221; button_bg_color=&#8221;#2998b0&#8243; button_border_width=&#8221;0px&#8221; button_border_radius=&#8221;0px&#8221; button_font=&#8221;Saira Extra Condensed||||||||&#8221; button_use_icon=&#8221;off&#8221; custom_margin=&#8221;|97px|||false|false&#8221;][\/et_pb_button][\/et_pb_column][et_pb_column type=&#8221;1_2&#8243; _builder_version=&#8221;4.9.10&#8243; _module_preset=&#8221;default&#8221;][et_pb_team_member name=&#8221;Manuel Le Guen&#8221; position=&#8221;VICE PRESIDENT&#8221; image_url=&#8221;https:\/\/www.newco-cf.com\/wp-content\/uploads\/2023\/07\/ManuelLeGuen-1.jpg&#8221; linkedin_url=&#8221;https:\/\/fr.linkedin.com\/in\/manuel-le-guen-53b3a7105&#8243; _builder_version=&#8221;4.9.10&#8243; _module_preset=&#8221;default&#8221; header_font=&#8221;|700|||||||&#8221; header_font_size=&#8221;17px&#8221; header_letter_spacing=&#8221;2px&#8221; header_line_height=&#8221;1.3em&#8221; body_font=&#8221;|600|||||||&#8221; body_letter_spacing=&#8221;1px&#8221; position_font=&#8221;|700|||||||&#8221; position_text_color=&#8221;#2998b0&#8243; position_letter_spacing=&#8221;2px&#8221; text_orientation=&#8221;justified&#8221; max_width=&#8221;320px&#8221; module_alignment=&#8221;center&#8221; custom_margin=&#8221;||0px||false|false&#8221; link_option_url=&#8221;https:\/\/www.newco-cf.com\/en\/equipe\/manuel-le-guen\/&#8221; custom_css_before=&#8221;content: &#8221;;||position: absolute;||bottom: 0px;||width: 40px;||height: 2px;||background-color: #2998B0;&#8221;]<\/p>\n<p><span>Manuel is a Vice-President at NewCo Corporate Finance and joined the team in January 2019 after graduating. Since his integration, he has worked on insurance brokerage transactions (Diot-Siaci merger, sale of Ocealiz to Groupe Leader Insurance&#8230;<\/span><\/p>\n<p>[\/et_pb_team_member][et_pb_button button_url=&#8221;https:\/\/www.newco-cf.com\/en\/equipe\/manuel-le-guen\/&#8221; button_text=&#8221;READ MORE&#8221; button_alignment=&#8221;right&#8221; _builder_version=&#8221;4.9.10&#8243; _module_preset=&#8221;default&#8221; custom_button=&#8221;on&#8221; button_text_size=&#8221;18px&#8221; button_text_color=&#8221;#FFFFFF&#8221; button_bg_color=&#8221;#2998b0&#8243; button_border_width=&#8221;0px&#8221; button_border_radius=&#8221;0px&#8221; button_font=&#8221;Saira Extra Condensed||||||||&#8221; button_use_icon=&#8221;off&#8221; custom_margin=&#8221;|97px|||false|false&#8221;][\/et_pb_button][\/et_pb_column][\/et_pb_row][et_pb_row column_structure=&#8221;1_2,1_2&#8243; _builder_version=&#8221;4.9.10&#8243; _module_preset=&#8221;default&#8221;][et_pb_column type=&#8221;1_2&#8243; _builder_version=&#8221;4.9.10&#8243; _module_preset=&#8221;default&#8221; custom_padding=&#8221;|8%||8%|false|true&#8221;][et_pb_team_member name=&#8221;Thibauld Hamaide&#8221; position=&#8221;VICE PRESIDENT&#8221; image_url=&#8221;https:\/\/www.newco-cf.com\/wp-content\/uploads\/2021\/11\/Thibauld-2112.jpg&#8221; linkedin_url=&#8221;https:\/\/fr.linkedin.com\/in\/thibauldhamaide&#8221; _builder_version=&#8221;4.9.10&#8243; _module_preset=&#8221;default&#8221; header_font=&#8221;|700|||||||&#8221; header_font_size=&#8221;17px&#8221; header_letter_spacing=&#8221;2px&#8221; header_line_height=&#8221;1.3em&#8221; body_font=&#8221;|600|||||||&#8221; body_letter_spacing=&#8221;1px&#8221; position_font=&#8221;|700|||||||&#8221; position_text_color=&#8221;#2998b0&#8243; position_letter_spacing=&#8221;2px&#8221; text_orientation=&#8221;justified&#8221; max_width=&#8221;320px&#8221; module_alignment=&#8221;center&#8221; custom_margin=&#8221;||0px||false|false&#8221; link_option_url=&#8221;https:\/\/www.newco-cf.com\/en\/equipe\/thibauld-hamaide\/&#8221; custom_css_before=&#8221;content: &#8221;;||position: absolute;||bottom: 0px;||width: 40px;||height: 2px;||background-color: #2998B0;&#8221;]<\/p>\n<p><span>Thibauld has been working for NewCo Corporate Finance since September 2020 as an Vice President. He has been involved in wealth management deals (sale of Primonial Ing\u00e9nierie &amp; D\u00e9veloppement to Crystal Group, sale of Opti Finance to Crystal Group&#8230;<\/span><\/p>\n<p>[\/et_pb_team_member][et_pb_button button_url=&#8221;https:\/\/www.newco-cf.com\/en\/equipe\/thibauld-hamaide\/&#8221; button_text=&#8221;READ MORE&#8221; button_alignment=&#8221;right&#8221; _builder_version=&#8221;4.9.10&#8243; _module_preset=&#8221;default&#8221; custom_button=&#8221;on&#8221; button_text_size=&#8221;18px&#8221; button_text_color=&#8221;#FFFFFF&#8221; button_bg_color=&#8221;#2998b0&#8243; button_border_width=&#8221;0px&#8221; button_border_radius=&#8221;0px&#8221; button_font=&#8221;Saira Extra Condensed||||||||&#8221; button_use_icon=&#8221;off&#8221; custom_margin=&#8221;|97px|||false|false&#8221;][\/et_pb_button][\/et_pb_column][et_pb_column type=&#8221;1_2&#8243; _builder_version=&#8221;4.9.10&#8243; _module_preset=&#8221;default&#8221;][et_pb_team_member name=&#8221;Juliette Malard&#8221; position=&#8221;ASSOCIATE&#8221; image_url=&#8221;https:\/\/www.newco-cf.com\/wp-content\/uploads\/2024\/09\/Juliette-Malard-e\u0301quipe.jpg&#8221; linkedin_url=&#8221;https:\/\/www.linkedin.com\/in\/juliette-malard-503a37148\/&#8221; _builder_version=&#8221;4.9.10&#8243; _module_preset=&#8221;default&#8221; header_font=&#8221;|700|||||||&#8221; header_font_size=&#8221;17px&#8221; header_letter_spacing=&#8221;2px&#8221; header_line_height=&#8221;1.3em&#8221; body_font=&#8221;|600|||||||&#8221; body_letter_spacing=&#8221;1px&#8221; position_font=&#8221;|700|||||||&#8221; position_text_color=&#8221;#2998b0&#8243; position_letter_spacing=&#8221;2px&#8221; text_orientation=&#8221;justified&#8221; max_width=&#8221;320px&#8221; module_alignment=&#8221;center&#8221; custom_margin=&#8221;||0px||false|false&#8221; link_option_url=&#8221;https:\/\/www.newco-cf.com\/en\/equipe\/juliette-malard\/&#8221; custom_css_before=&#8221;content: &#8221;;||position: absolute;||bottom: 0px;||width: 40px;||height: 2px;||background-color: #2998B0;&#8221; locked=&#8221;off&#8221;]<\/p>\n<p class=\"p1\">Juliette joined NewCo Corporate Finance as an Associate in September 2024, after three and a half years in the Small &amp; Mid Cap team of Rothschild &amp; Co (Transaction R)&#8230;<\/p>\n<p>[\/et_pb_team_member][et_pb_button button_url=&#8221;https:\/\/www.newco-cf.com\/en\/equipe\/juliette-malard\/&#8221; button_text=&#8221;READ MORE&#8221; button_alignment=&#8221;right&#8221; _builder_version=&#8221;4.9.10&#8243; _module_preset=&#8221;default&#8221; custom_button=&#8221;on&#8221; button_text_size=&#8221;18px&#8221; button_text_color=&#8221;#FFFFFF&#8221; button_bg_color=&#8221;#2998b0&#8243; button_border_width=&#8221;0px&#8221; button_border_radius=&#8221;0px&#8221; button_font=&#8221;Saira Extra Condensed||||||||&#8221; button_use_icon=&#8221;off&#8221; custom_margin=&#8221;|97px|||false|false&#8221;][\/et_pb_button][\/et_pb_column][\/et_pb_row][et_pb_row column_structure=&#8221;1_2,1_2&#8243; _builder_version=&#8221;4.9.10&#8243; _module_preset=&#8221;default&#8221;][et_pb_column type=&#8221;1_2&#8243; _builder_version=&#8221;4.9.10&#8243; _module_preset=&#8221;default&#8221; custom_padding=&#8221;|8%||8%|false|true&#8221;][et_pb_team_member name=&#8221;Eric Larsen&#8221; position=&#8221;ASSOCIATE&#8221; image_url=&#8221;https:\/\/www.newco-cf.com\/wp-content\/uploads\/2021\/11\/Eric-Larsen-Page-e\u0301quipe_2005.jpg&#8221; linkedin_url=&#8221;https:\/\/www.linkedin.com\/in\/ericstefanlarsen\/&#8221; _builder_version=&#8221;4.9.10&#8243; _module_preset=&#8221;default&#8221; header_font=&#8221;|700|||||||&#8221; header_font_size=&#8221;17px&#8221; header_letter_spacing=&#8221;2px&#8221; header_line_height=&#8221;1.3em&#8221; body_font=&#8221;|600|||||||&#8221; body_letter_spacing=&#8221;1px&#8221; position_font=&#8221;|700|||||||&#8221; position_text_color=&#8221;#2998b0&#8243; position_letter_spacing=&#8221;2px&#8221; text_orientation=&#8221;justified&#8221; max_width=&#8221;320px&#8221; module_alignment=&#8221;center&#8221; custom_margin=&#8221;||0px||false|false&#8221; link_option_url=&#8221;https:\/\/www.newco-cf.com\/en\/equipe\/eric-larsen\/&#8221; custom_css_before=&#8221;content: &#8221;;||position: absolute;||bottom: 0px;||width: 40px;||height: 2px;||background-color: #2998B0;&#8221;]<\/p>\n<p><span>Eric joined the NewCo Corporate Finance team as an Analyst in April 2022. Prior to joining NewCo Corporate Finance, Eric completed a 6-month internship with the team in 2020\/2021. During his time as an intern at NewCo corporate Finance he worked on deals within the&#8230;<\/span><\/p>\n<p>[\/et_pb_team_member][et_pb_button button_url=&#8221;https:\/\/www.newco-cf.com\/en\/equipe\/eric-larsen\/&#8221; button_text=&#8221;READ MORE&#8221; button_alignment=&#8221;right&#8221; _builder_version=&#8221;4.9.10&#8243; _module_preset=&#8221;default&#8221; custom_button=&#8221;on&#8221; button_text_size=&#8221;18px&#8221; button_text_color=&#8221;#FFFFFF&#8221; button_bg_color=&#8221;#2998b0&#8243; button_border_width=&#8221;0px&#8221; button_border_radius=&#8221;0px&#8221; button_font=&#8221;Saira Extra Condensed||||||||&#8221; button_use_icon=&#8221;off&#8221; custom_margin=&#8221;|97px|||false|false&#8221;][\/et_pb_button][\/et_pb_column][et_pb_column type=&#8221;1_2&#8243; _builder_version=&#8221;4.9.10&#8243; _module_preset=&#8221;default&#8221;][et_pb_team_member name=&#8221;Paul Renou&#8221; position=&#8221;ANALYST&#8221; image_url=&#8221;https:\/\/www.newco-cf.com\/wp-content\/uploads\/2024\/09\/Paul-Renou-e\u0301quipe.jpg&#8221; linkedin_url=&#8221;https:\/\/www.linkedin.com\/in\/renou-paul\/&#8221; _builder_version=&#8221;4.9.10&#8243; _module_preset=&#8221;default&#8221; header_font=&#8221;|700|||||||&#8221; header_font_size=&#8221;17px&#8221; header_letter_spacing=&#8221;2px&#8221; header_line_height=&#8221;1.3em&#8221; body_font=&#8221;|600|||||||&#8221; body_letter_spacing=&#8221;1px&#8221; position_font=&#8221;|700|||||||&#8221; position_text_color=&#8221;#2998b0&#8243; position_letter_spacing=&#8221;2px&#8221; text_orientation=&#8221;justified&#8221; max_width=&#8221;320px&#8221; module_alignment=&#8221;center&#8221; custom_margin=&#8221;||0px||false|false&#8221; link_option_url=&#8221;https:\/\/www.newco-cf.com\/en\/equipe\/paul-renou\/&#8221; custom_css_before=&#8221;content: &#8221;;||position: absolute;||bottom: 0px;||width: 40px;||height: 2px;||background-color: #2998B0;&#8221;]<\/p>\n<p class=\"p1\">After completing an internship at NewCo Corporate Finance in 2023, Paul joined the team as an analyst in April 2024.<\/p>\n<p class=\"p1\">During his internship and his first months as an analyst at NewCo Corporate Finance, Paul worked&#8230;<\/p>\n<p>[\/et_pb_team_member][et_pb_button button_url=&#8221;https:\/\/www.newco-cf.com\/en\/equipe\/paul-renou\/&#8221; button_text=&#8221;READ MORE&#8221; button_alignment=&#8221;right&#8221; _builder_version=&#8221;4.9.10&#8243; _module_preset=&#8221;default&#8221; custom_button=&#8221;on&#8221; button_text_size=&#8221;18px&#8221; button_text_color=&#8221;#FFFFFF&#8221; button_bg_color=&#8221;#2998b0&#8243; button_border_width=&#8221;0px&#8221; button_border_radius=&#8221;0px&#8221; button_font=&#8221;Saira Extra Condensed||||||||&#8221; button_use_icon=&#8221;off&#8221; custom_margin=&#8221;|97px|||false|false&#8221;][\/et_pb_button][\/et_pb_column][\/et_pb_row][et_pb_row column_structure=&#8221;1_2,1_2&#8243; _builder_version=&#8221;4.9.10&#8243; _module_preset=&#8221;default&#8221; animation_style=&#8221;fade&#8221; locked=&#8221;off&#8221;][et_pb_column type=&#8221;1_2&#8243; _builder_version=&#8221;4.9.10&#8243; _module_preset=&#8221;default&#8221; custom_padding=&#8221;|8%||8%|false|true&#8221;][et_pb_team_member name=&#8221;Thibault Lecompte&#8221; position=&#8221;ANALYST&#8221; image_url=&#8221;https:\/\/www.newco-cf.com\/wp-content\/uploads\/2024\/09\/Thibault-Lecompte-e\u0301quipe.jpg&#8221; linkedin_url=&#8221;https:\/\/www.linkedin.com\/in\/thibault-lecompte-64bb47174\/&#8221; _builder_version=&#8221;4.9.10&#8243; _module_preset=&#8221;default&#8221; header_font=&#8221;|700|||||||&#8221; header_font_size=&#8221;17px&#8221; header_letter_spacing=&#8221;2px&#8221; header_line_height=&#8221;1.3em&#8221; body_font=&#8221;|600|||||||&#8221; body_letter_spacing=&#8221;1px&#8221; position_font=&#8221;|700|||||||&#8221; position_text_color=&#8221;#2998b0&#8243; position_letter_spacing=&#8221;2px&#8221; text_orientation=&#8221;justified&#8221; max_width=&#8221;320px&#8221; module_alignment=&#8221;center&#8221; custom_margin=&#8221;||0px||false|false&#8221; link_option_url=&#8221;https:\/\/www.newco-cf.com\/en\/equipe\/thibauld-lecompte\/&#8221; custom_css_before=&#8221;content: &#8221;;||position: absolute;||bottom: 0px;||width: 40px;||height: 2px;||background-color: #2998B0;&#8221;]<\/p>\n<p class=\"p1\">Thibault has been working as an Analyst at NewCo Corporate Finance since June 2024, after completing a 6-month off-cycle internship there in 2023.<\/p>\n<p class=\"p1\">During his internship, Thibault notably worked on projects in the insurance brokerage sector&#8230;<\/p>\n<p>[\/et_pb_team_member][et_pb_button button_url=&#8221;https:\/\/www.newco-cf.com\/en\/equipe\/thibauld-lecompte\/&#8221; button_text=&#8221;READ MORE&#8221; button_alignment=&#8221;right&#8221; _builder_version=&#8221;4.9.10&#8243; _module_preset=&#8221;default&#8221; custom_button=&#8221;on&#8221; button_text_size=&#8221;18px&#8221; button_text_color=&#8221;#FFFFFF&#8221; button_bg_color=&#8221;#2998b0&#8243; button_border_width=&#8221;0px&#8221; button_border_radius=&#8221;0px&#8221; button_font=&#8221;Saira Extra Condensed||||||||&#8221; button_use_icon=&#8221;off&#8221; custom_margin=&#8221;|97px|||false|false&#8221;][\/et_pb_button][\/et_pb_column][et_pb_column type=&#8221;1_2&#8243; _builder_version=&#8221;4.9.10&#8243; _module_preset=&#8221;default&#8221;][et_pb_team_member name=&#8221;Rapha\u00eblle Nahmias&#8221; position=&#8221;ANALYST&#8221; image_url=&#8221;https:\/\/www.newco-cf.com\/wp-content\/uploads\/2025\/12\/Raphae\u0308lle-Page-e\u0301quipe_1225.webp&#8221; linkedin_url=&#8221;#https:\/\/www.linkedin.com\/in\/rapha%C3%ABlle-nahmias-095195201\/&#8221; _builder_version=&#8221;4.9.10&#8243; _module_preset=&#8221;default&#8221; header_font=&#8221;|700|||||||&#8221; header_font_size=&#8221;17px&#8221; header_letter_spacing=&#8221;2px&#8221; header_line_height=&#8221;1.3em&#8221; body_font=&#8221;|600|||||||&#8221; body_letter_spacing=&#8221;1px&#8221; position_font=&#8221;|700|||||||&#8221; position_text_color=&#8221;#2998b0&#8243; position_letter_spacing=&#8221;2px&#8221; text_orientation=&#8221;justified&#8221; max_width=&#8221;320px&#8221; module_alignment=&#8221;center&#8221; custom_margin=&#8221;||0px||false|false&#8221; link_option_url=&#8221;https:\/\/www.newco-cf.com\/en\/equipe\/raphaelle-nahmias\/&#8221; custom_css_before=&#8221;content: &#8221;;||position: absolute;||bottom: 0px;||width: 40px;||height: 2px;||background-color: #2998B0;&#8221;]<\/p>\n<p data-start=\"36\" data-end=\"147\">Having joined <span class=\"hover:entity-accent entity-underline inline cursor-pointer align-baseline\"><span class=\"whitespace-normal\">NewCo Corporate Finance<\/span><\/span> in October 2025, Rapha\u00eblle is an Analyst within the team. Prior to joining NewCo Corporate Finance, Rapha\u00eblle completed internships in mergers and acquisitions at <span class=\"hover:entity-accent entity-underline inline cursor-pointer align-baseline\"><span class=\"whitespace-normal\">Amala Partners<\/span><\/span> and <span class=\"hover:entity-accent entity-underline inline cursor-pointer align-baseline\"><span class=\"whitespace-normal\">Clearwater<\/span><\/span>, where she took part in transactions across a wide range of sectors&#8230;<\/p>\n<p>[\/et_pb_team_member][et_pb_button button_url=&#8221;https:\/\/www.newco-cf.com\/en\/equipe\/raphaelle-nahmias\/&#8221; button_text=&#8221;READ MORE&#8221; button_alignment=&#8221;right&#8221; _builder_version=&#8221;4.9.10&#8243; _module_preset=&#8221;default&#8221; custom_button=&#8221;on&#8221; button_text_size=&#8221;18px&#8221; button_text_color=&#8221;#FFFFFF&#8221; button_bg_color=&#8221;#2998b0&#8243; button_border_width=&#8221;0px&#8221; button_border_radius=&#8221;0px&#8221; button_font=&#8221;Saira Extra Condensed||||||||&#8221; button_use_icon=&#8221;off&#8221; custom_margin=&#8221;|97px|||false|false&#8221;][\/et_pb_button][\/et_pb_column][\/et_pb_row][et_pb_row column_structure=&#8221;1_2,1_2&#8243; _builder_version=&#8221;4.9.10&#8243; _module_preset=&#8221;default&#8221;][et_pb_column type=&#8221;1_2&#8243; _builder_version=&#8221;4.9.10&#8243; _module_preset=&#8221;default&#8221; custom_padding=&#8221;|8%||8%|false|true&#8221;][et_pb_team_member name=&#8221;Patrick Rivi\u00e8re&#8221; position=&#8221;CHAIRMAN OF THE STRATEGIC COMMITTEE&#8221; image_url=&#8221;https:\/\/www.newco-cf.com\/wp-content\/uploads\/2024\/05\/Patrick-Rivie\u0300re-Equipe-Newco.webp&#8221; linkedin_url=&#8221;#&#8221; icon_color=&#8221;#FFFFFF&#8221; _builder_version=&#8221;4.9.10&#8243; _module_preset=&#8221;default&#8221; header_font=&#8221;|700|||||||&#8221; header_font_size=&#8221;17px&#8221; header_letter_spacing=&#8221;2px&#8221; header_line_height=&#8221;1.3em&#8221; body_font=&#8221;|600|||||||&#8221; body_letter_spacing=&#8221;1px&#8221; position_font=&#8221;|700|||||||&#8221; position_text_color=&#8221;#2998b0&#8243; position_letter_spacing=&#8221;2px&#8221; text_orientation=&#8221;justified&#8221; max_width=&#8221;320px&#8221; module_alignment=&#8221;center&#8221; custom_margin=&#8221;||0px||false|false&#8221; link_option_url=&#8221;https:\/\/www.newco-cf.com\/en\/equipe\/patrick-riviere\/&#8221; custom_css_before=&#8221;content: &#8221;;||position: absolute;||bottom: 0px;||width: 40px;||height: 2px;||background-color: #2998B0;&#8221;]<\/p>\n<p><span>Graduate of the Institute of Financial Science and Insurance (ISFA), Patrick Rivi\u00e8re, 64, began his career in 1983 at Cholet Dupont before joining Fimagest in 1985. Following the takeover of Fimagest by G\u00e9n\u00e9rale de Banque in 1996, he was appointed CEO of G\u00e9n\u00e9rale de&#8230;<\/span><\/p>\n<p>[\/et_pb_team_member][et_pb_button button_url=&#8221;https:\/\/www.newco-cf.com\/en\/equipe\/patrick-riviere\/&#8221; button_text=&#8221;READ MORE&#8221; button_alignment=&#8221;right&#8221; _builder_version=&#8221;4.9.10&#8243; _module_preset=&#8221;default&#8221; custom_button=&#8221;on&#8221; button_text_size=&#8221;18px&#8221; button_text_color=&#8221;#FFFFFF&#8221; button_bg_color=&#8221;#2998b0&#8243; button_border_width=&#8221;0px&#8221; button_border_radius=&#8221;0px&#8221; button_font=&#8221;Saira Extra Condensed||||||||&#8221; button_use_icon=&#8221;off&#8221; custom_margin=&#8221;|97px|||false|false&#8221;][\/et_pb_button][\/et_pb_column][et_pb_column type=&#8221;1_2&#8243; _builder_version=&#8221;4.9.10&#8243; _module_preset=&#8221;default&#8221;][et_pb_team_member name=&#8221;Jean-Michel Pailles&#8221; position=&#8221;SENIOR ADVISOR&#8221; image_url=&#8221;https:\/\/www.newco-cf.com\/wp-content\/uploads\/2025\/12\/Jean-Michel-Page-e\u0301quipe_1225.webp&#8221; linkedin_url=&#8221;#https:\/\/www.linkedin.com\/in\/jean-michel-pailles-08a3a11b\/&#8221; _builder_version=&#8221;4.9.10&#8243; _module_preset=&#8221;default&#8221; header_font=&#8221;|700|||||||&#8221; header_font_size=&#8221;17px&#8221; header_letter_spacing=&#8221;2px&#8221; header_line_height=&#8221;1.3em&#8221; body_font=&#8221;|600|||||||&#8221; body_letter_spacing=&#8221;1px&#8221; position_font=&#8221;|700|||||||&#8221; position_text_color=&#8221;#2998b0&#8243; position_letter_spacing=&#8221;2px&#8221; text_orientation=&#8221;justified&#8221; max_width=&#8221;320px&#8221; module_alignment=&#8221;center&#8221; custom_margin=&#8221;||0px||false|false&#8221; link_option_url=&#8221;https:\/\/www.newco-cf.com\/en\/equipe\/jean-michel-pailles\/&#8221; custom_css_before=&#8221;content: &#8221;;||position: absolute;||bottom: 0px;||width: 40px;||height: 2px;||background-color: #2998B0;&#8221;]<\/p>\n<p>A graduate of ESCP, Jean-Michel began his career at Arthur Andersen and later joined EY, where he led the Transaction Services practice (due diligence, strategy, valuation, and M&amp;A) for the financial services sector in France and subsequently across Europe&#8230;<\/p>\n<p>[\/et_pb_team_member][et_pb_button button_url=&#8221;https:\/\/www.newco-cf.com\/en\/equipe\/jean-michel-pailles\/&#8221; button_text=&#8221;READ MORE&#8221; button_alignment=&#8221;right&#8221; _builder_version=&#8221;4.9.10&#8243; _module_preset=&#8221;default&#8221; custom_button=&#8221;on&#8221; button_text_size=&#8221;18px&#8221; button_text_color=&#8221;#FFFFFF&#8221; button_bg_color=&#8221;#2998b0&#8243; button_border_width=&#8221;0px&#8221; button_border_radius=&#8221;0px&#8221; button_font=&#8221;Saira Extra Condensed||||||||&#8221; button_use_icon=&#8221;off&#8221; custom_margin=&#8221;|97px|||false|false&#8221;][\/et_pb_button][\/et_pb_column][\/et_pb_row][et_pb_row column_structure=&#8221;1_2,1_2&#8243; _builder_version=&#8221;4.9.10&#8243; _module_preset=&#8221;default&#8221; locked=&#8221;off&#8221;][et_pb_column type=&#8221;1_2&#8243; _builder_version=&#8221;4.9.10&#8243; _module_preset=&#8221;default&#8221; custom_padding=&#8221;|8%||8%|false|true&#8221;][et_pb_team_member name=&#8221;Morgane Roco&#8221; position=&#8221;OFFICE MANAGER&#8221; image_url=&#8221;https:\/\/www.newco-cf.com\/wp-content\/uploads\/2022\/10\/Morgane-Roco-Page-e\u0301quipe.jpg&#8221; linkedin_url=&#8221;#&#8221; _builder_version=&#8221;4.9.10&#8243; _module_preset=&#8221;default&#8221; header_font=&#8221;|700|||||||&#8221; header_font_size=&#8221;17px&#8221; header_letter_spacing=&#8221;2px&#8221; header_line_height=&#8221;1.3em&#8221; body_font=&#8221;|600|||||||&#8221; body_letter_spacing=&#8221;1px&#8221; position_font=&#8221;|700|||||||&#8221; position_text_color=&#8221;#2998b0&#8243; position_letter_spacing=&#8221;2px&#8221; text_orientation=&#8221;justified&#8221; max_width=&#8221;320px&#8221; module_alignment=&#8221;center&#8221; custom_margin=&#8221;||0px||false|false&#8221; link_option_url=&#8221;https:\/\/www.newco-cf.com\/en\/equipe\/morgane-roco\/&#8221; custom_css_before=&#8221;content: &#8221;;||position: absolute;||bottom: 0px;||width: 40px;||height: 2px;||background-color: #2998B0;&#8221;]<\/p>\n<p><span>Morgane joins the team in July 2022 as the Office Manager of Newco Corporate Finance, after 5 years of experience at EY and one and a half years in a wealth management firm. With an economic and social administration background, she is in charge of the office&#8230;<\/span><\/p>\n<p>[\/et_pb_team_member][et_pb_button button_url=&#8221;https:\/\/www.newco-cf.com\/en\/equipe\/morgane-roco\/&#8221; button_text=&#8221;READ MORE&#8221; button_alignment=&#8221;right&#8221; _builder_version=&#8221;4.9.10&#8243; _module_preset=&#8221;default&#8221; custom_button=&#8221;on&#8221; button_text_size=&#8221;18px&#8221; button_text_color=&#8221;#FFFFFF&#8221; button_bg_color=&#8221;#2998b0&#8243; button_border_width=&#8221;0px&#8221; button_border_radius=&#8221;0px&#8221; button_font=&#8221;Saira Extra Condensed||||||||&#8221; button_use_icon=&#8221;off&#8221; custom_margin=&#8221;|97px|||false|false&#8221;][\/et_pb_button][\/et_pb_column][et_pb_column type=&#8221;1_2&#8243; _builder_version=&#8221;4.9.10&#8243; _module_preset=&#8221;default&#8221;][\/et_pb_column][\/et_pb_row][\/et_pb_section]<\/p>\n","protected":false},"excerpt":{"rendered":"<p>OUR TEAM We bring together experienced investment bankers specialised in financial services \u2014 banks, insurers, brokers, wealth managers, asset managers, private equity. This sector specialisation enables us to have an in-depth knowledge of the players involved, the business challenges, market dynamics and the specificities of each transaction. Jean-Louis Duverney-Guichard MANAGING PARTNER Jean-Louis is a FIG [&hellip;]<\/p>\n","protected":false},"author":19,"featured_media":0,"parent":0,"menu_order":0,"comment_status":"closed","ping_status":"closed","template":"","meta":{"_acf_changed":false,"_et_pb_use_builder":"on","_et_pb_old_content":"","_et_gb_content_width":"","footnotes":""},"class_list":["post-4321","page","type-page","status-publish","hentry"],"acf":[],"_links":{"self":[{"href":"https:\/\/www.newco-cf.com\/en\/wp-json\/wp\/v2\/pages\/4321","targetHints":{"allow":["GET"]}}],"collection":[{"href":"https:\/\/www.newco-cf.com\/en\/wp-json\/wp\/v2\/pages"}],"about":[{"href":"https:\/\/www.newco-cf.com\/en\/wp-json\/wp\/v2\/types\/page"}],"author":[{"embeddable":true,"href":"https:\/\/www.newco-cf.com\/en\/wp-json\/wp\/v2\/users\/19"}],"replies":[{"embeddable":true,"href":"https:\/\/www.newco-cf.com\/en\/wp-json\/wp\/v2\/comments?post=4321"}],"version-history":[{"count":47,"href":"https:\/\/www.newco-cf.com\/en\/wp-json\/wp\/v2\/pages\/4321\/revisions"}],"predecessor-version":[{"id":5183,"href":"https:\/\/www.newco-cf.com\/en\/wp-json\/wp\/v2\/pages\/4321\/revisions\/5183"}],"wp:attachment":[{"href":"https:\/\/www.newco-cf.com\/en\/wp-json\/wp\/v2\/media?parent=4321"}],"curies":[{"name":"wp","href":"https:\/\/api.w.org\/{rel}","templated":true}]}}